{"id":713,"date":"2025-12-15T15:51:16","date_gmt":"2025-12-15T14:51:16","guid":{"rendered":"https:\/\/www.eurogrecefrance.org\/?page_id=713"},"modified":"2026-04-04T22:51:17","modified_gmt":"2026-04-04T20:51:17","slug":"permanence-bibliotheque","status":"publish","type":"page","link":"https:\/\/www.eurogrecefrance.org\/index.php\/permanence-bibliotheque\/","title":{"rendered":"Permanence-biblioth\u00e8que"},"content":{"rendered":"\t\t<div data-elementor-type=\"wp-page\" data-elementor-id=\"713\" class=\"elementor elementor-713\" data-elementor-post-type=\"page\">\n\t\t\t\t<div class=\"elementor-element elementor-element-1317c08f e-con-full e-flex e-con e-parent\" data-id=\"1317c08f\" data-element_type=\"container\">\n\t\t<div class=\"elementor-element elementor-element-6bf3945e e-con-full e-flex e-con e-child\" data-id=\"6bf3945e\" data-element_type=\"container\">\n\t\t\t\t<div class=\"elementor-element elementor-element-19342bc elementor-widget elementor-widget-image\" data-id=\"19342bc\" data-element_type=\"widget\" data-widget_type=\"image.default\">\n\t\t\t\t<div class=\"elementor-widget-container\">\n\t\t\t\t\t\t\t\t\t\t\t\t\t\t\t<img fetchpriority=\"high\" decoding=\"async\" width=\"800\" height=\"400\" src=\"https:\/\/www.eurogrecefrance.org\/wp-content\/uploads\/2025\/12\/20250909_172430_recadree-1-1024x512-1.jpg\" class=\"attachment-large size-large wp-image-714\" alt=\"\" srcset=\"https:\/\/www.eurogrecefrance.org\/wp-content\/uploads\/2025\/12\/20250909_172430_recadree-1-1024x512-1.jpg 1024w, https:\/\/www.eurogrecefrance.org\/wp-content\/uploads\/2025\/12\/20250909_172430_recadree-1-1024x512-1-300x150.jpg 300w, https:\/\/www.eurogrecefrance.org\/wp-content\/uploads\/2025\/12\/20250909_172430_recadree-1-1024x512-1-768x384.jpg 768w\" sizes=\"(max-width: 800px) 100vw, 800px\" \/>\t\t\t\t\t\t\t\t\t\t\t\t\t\t\t<\/div>\n\t\t\t\t<\/div>\n\t\t\t\t<\/div>\n\t\t<div class=\"elementor-element elementor-element-1d1ceeb7 e-con-full e-flex e-con e-child\" data-id=\"1d1ceeb7\" data-element_type=\"container\">\n\t\t\t\t<div class=\"elementor-element elementor-element-22534a9 elementor-widget elementor-widget-menu-anchor\" data-id=\"22534a9\" data-element_type=\"widget\" data-widget_type=\"menu-anchor.default\">\n\t\t\t\t<div class=\"elementor-widget-container\">\n\t\t\t\t\t\t\t<div class=\"elementor-menu-anchor\" id=\"philia\"><\/div>\n\t\t\t\t\t\t<\/div>\n\t\t\t\t<\/div>\n\t\t\t\t<div class=\"elementor-element elementor-element-5441cb66 elementor-widget elementor-widget-heading\" data-id=\"5441cb66\" data-element_type=\"widget\" data-widget_type=\"heading.default\">\n\t\t\t\t<div class=\"elementor-widget-container\">\n\t\t\t\t\t<h1 class=\"elementor-heading-title elementor-size-default\">Permanence-biblioth\u00e8que<\/h1>\t\t\t\t<\/div>\n\t\t\t\t<\/div>\n\t\t\t\t<div class=\"elementor-element elementor-element-6321f01 elementor-widget elementor-widget-text-editor\" data-id=\"6321f01\" data-element_type=\"widget\" data-widget_type=\"text-editor.default\">\n\t\t\t\t<div class=\"elementor-widget-container\">\n\t\t\t\t\t\t\t\t\t<p>Une Permanence\/Biblioth\u00e8que est ouverte<strong> les mardis<\/strong> (hors vacances scolaires) <strong>de 16h30 \u00e0 18h et les vendredis de 11h \u00e0 12h30, <\/strong>dans le bureau de l\u2019association, Espace Martin Luther King (1er \u00e9tage, \u00e0 gauche de l\u2019entr\u00e9e principale).<\/p><p>Vous pouvez y trouver toutes les informations sur les activit\u00e9s et les actualit\u00e9s de notre association, ainsi que des livres, CD, DVD empruntables et\/ou en consultation sur place.<\/p>\t\t\t\t\t\t\t\t<\/div>\n\t\t\t\t<\/div>\n\t\t\t\t<\/div>\n\t\t\t\t<\/div>\n\t\t<div class=\"elementor-element elementor-element-9fe5a10 e-flex e-con-boxed e-con e-parent\" data-id=\"9fe5a10\" data-element_type=\"container\" data-settings=\"{&quot;background_background&quot;:&quot;classic&quot;}\">\n\t\t\t\t\t<div class=\"e-con-inner\">\n\t\t\t\t<div class=\"elementor-element elementor-element-d9e4c5f elementor-widget elementor-widget-heading\" data-id=\"d9e4c5f\" data-element_type=\"widget\" data-widget_type=\"heading.default\">\n\t\t\t\t<div class=\"elementor-widget-container\">\n\t\t\t\t\t<h2 class=\"elementor-heading-title elementor-size-default\">Planning des permanences<\/h2>\t\t\t\t<\/div>\n\t\t\t\t<\/div>\n\t\t\t\t\t<\/div>\n\t\t\t\t<\/div>\n\t\t<div class=\"elementor-element elementor-element-882abc8 e-flex e-con-boxed e-con e-parent\" data-id=\"882abc8\" data-element_type=\"container\">\n\t\t\t\t\t<div class=\"e-con-inner\">\n\t\t\t\t<div class=\"elementor-element elementor-element-d913100 elementor-widget elementor-widget-text-editor\" data-id=\"d913100\" data-element_type=\"widget\" data-widget_type=\"text-editor.default\">\n\t\t\t\t<div class=\"elementor-widget-container\">\n\t\t\t\t\t\t\t\t\t<table style=\"border-collapse: collapse; width: 613px; height: 805px;\" width=\"552\"><tbody><tr style=\"height: 23.25pt;\"><td class=\"xl19\" style=\"width: 111pt; height: 23.25pt;\" width=\"148\" height=\"31\"><p>VENDREDI<\/p><\/td><td class=\"xl19\" style=\"width: 123pt;\" width=\"164\">03-avr<\/td><td class=\"xl19\" style=\"width: 180pt;\" width=\"240\">\/<\/td><\/tr><tr style=\"height: 23.25pt;\"><td class=\"xl19\" style=\"height: 23.25pt;\" height=\"31\">MARDI<\/td><td class=\"xl19\">07-avr<\/td><td class=\"xl28\">ANDREAS<\/td><\/tr><tr style=\"height: 23.25pt;\"><td class=\"xl19\" style=\"height: 23.25pt;\" height=\"31\">VENDREDI<\/td><td class=\"xl19\">10-avr<\/td><td class=\"xl28\">\/<\/td><\/tr><tr style=\"height: 23.25pt;\"><td class=\"xl19\" style=\"height: 23.25pt;\" height=\"31\">MARDI<\/td><td class=\"xl19\">14-avr<\/td><td class=\"xl28\">ARIANE<\/td><\/tr><tr style=\"height: 23.25pt;\"><td class=\"xl19\" style=\"height: 23.25pt;\" height=\"31\">VENDREDI<\/td><td class=\"xl19\">17-avr<\/td><td class=\"xl28\">JEAN-FRANCOIS<\/td><\/tr><tr style=\"height: 23.25pt;\"><td class=\"xl30\" style=\"height: 23.25pt;\" height=\"31\">\u00a0<\/td><td class=\"xl30\">\u00a0<\/td><td class=\"xl34\">VACANCES<\/td><\/tr><tr style=\"height: 23.25pt;\"><td class=\"xl19\" style=\"height: 23.25pt;\" height=\"31\">MARDI<\/td><td class=\"xl19\">05-mai<\/td><td class=\"xl29\">ANDREAS<\/td><\/tr><tr style=\"height: 23.25pt;\"><td class=\"xl19\" style=\"height: 23.25pt;\" height=\"31\">VENDREDI<\/td><td class=\"xl19\">08-mai<\/td><td class=\"xl34\">FERIE<\/td><\/tr><tr style=\"height: 23.25pt;\"><td class=\"xl19\" style=\"height: 23.25pt;\" height=\"31\">MARDI<\/td><td class=\"xl19\">12-mai<\/td><td class=\"xl19\">ARIANE<\/td><\/tr><tr style=\"height: 23.25pt;\"><td class=\"xl19\" style=\"height: 23.25pt;\" height=\"31\">VENDREDI<\/td><td class=\"xl19\">15-mai<\/td><td class=\"xl19\">YOLA<\/td><\/tr><tr style=\"height: 23.25pt;\"><td class=\"xl19\" style=\"height: 23.25pt;\" height=\"31\">MARDI<\/td><td class=\"xl19\">19-mai<\/td><td class=\"xl19\">ANDREAS<\/td><\/tr><tr style=\"height: 23.25pt;\"><td class=\"xl19\" style=\"height: 23.25pt;\" height=\"31\">VENDREDI<\/td><td class=\"xl19\">22-mai<\/td><td class=\"xl19\">JEAN-FRANCOIS<\/td><\/tr><tr style=\"height: 23.25pt;\"><td class=\"xl19\" style=\"height: 23.25pt;\" height=\"31\">MARDI<\/td><td class=\"xl19\">26-mai<\/td><td class=\"xl19\">ARIANE<\/td><\/tr><tr style=\"height: 23.25pt;\"><td class=\"xl19\" style=\"height: 23.25pt;\" height=\"31\">VENDREDI<\/td><td class=\"xl19\">29-mai<\/td><td class=\"xl19\">YOLA<\/td><\/tr><tr style=\"height: 23.25pt;\"><td class=\"xl19\" style=\"height: 23.25pt;\" height=\"31\">MARDI<\/td><td class=\"xl19\">02-juin<\/td><td class=\"xl28\">ANDREAS<\/td><\/tr><tr style=\"height: 23.25pt;\"><td class=\"xl19\" style=\"height: 23.25pt;\" height=\"31\">VENDREDI<\/td><td class=\"xl19\">05-juin<\/td><td class=\"xl28\">ANDREAS<\/td><\/tr><tr style=\"height: 23.25pt;\"><td class=\"xl19\" style=\"height: 23.25pt;\" height=\"31\">MARDI<\/td><td class=\"xl19\">09-juin<\/td><td class=\"xl28\">ARIANE<\/td><\/tr><tr style=\"height: 23.25pt;\"><td class=\"xl19\" style=\"height: 23.25pt;\" height=\"31\">VENDREDI<\/td><td class=\"xl19\">12-juin<\/td><td class=\"xl28\">\/<\/td><\/tr><tr style=\"height: 23.25pt;\"><td class=\"xl19\" style=\"height: 23.25pt;\" height=\"31\">MARDI<\/td><td class=\"xl19\">16-juin<\/td><td class=\"xl28\">ANDREAS<\/td><\/tr><tr style=\"height: 23.25pt;\"><td class=\"xl19\" style=\"height: 23.25pt;\" height=\"31\">VENDREDI<\/td><td class=\"xl19\">19-juin<\/td><td class=\"xl28\">\/<\/td><\/tr><tr style=\"height: 23.25pt;\"><td class=\"xl19\" style=\"height: 23.25pt;\" height=\"31\">MARDI<\/td><td class=\"xl19\">23-juin<\/td><td class=\"xl28\">ARIANE<\/td><\/tr><tr style=\"height: 23.25pt;\"><td class=\"xl19\" style=\"height: 23.25pt;\" height=\"31\">VENDREDI<\/td><td class=\"xl19\">26-juin<\/td><td class=\"xl28\">JEAN-FRANCOIS<\/td><\/tr><tr style=\"height: 23.25pt;\"><td class=\"xl19\" style=\"height: 23.25pt;\" height=\"31\">MARDI<\/td><td class=\"xl19\">30-juin<\/td><td class=\"xl28\">ANDREAS<\/td><\/tr><\/tbody><\/table>\t\t\t\t\t\t\t\t<\/div>\n\t\t\t\t<\/div>\n\t\t\t\t\t<\/div>\n\t\t\t\t<\/div>\n\t\t<div class=\"elementor-element elementor-element-180330c e-flex e-con-boxed e-con e-parent\" data-id=\"180330c\" data-element_type=\"container\">\n\t\t\t\t\t<div class=\"e-con-inner\">\n\t\t<div class=\"elementor-element elementor-element-25894fe e-con-full e-flex e-con e-child\" data-id=\"25894fe\" data-element_type=\"container\">\n\t\t\t\t<div class=\"elementor-element elementor-element-d9aa62d elementor-widget elementor-widget-text-editor\" data-id=\"d9aa62d\" data-element_type=\"widget\" data-widget_type=\"text-editor.default\">\n\t\t\t\t<div class=\"elementor-widget-container\">\n\t\t\t\t\t\t\t\t\t<table style=\"border-collapse: collapse; width: 414pt;\" width=\"552\"><tbody><tr style=\"height: 21.0pt;\"><td class=\"xl24\" style=\"width: 111pt; height: 21.0pt;\" width=\"148\" height=\"28\">ARIANE<\/td><td class=\"xl53\" style=\"width: 303pt; height: 21.0pt;\" colspan=\"2\" width=\"404\" height=\"28\">Echanges autour de l&rsquo;histoire de la danse grecque.<\/td><\/tr><tr style=\"height: 21.0pt;\"><td class=\"xl25\" style=\"height: 21.0pt;\" height=\"28\">ANDREAS<\/td><td class=\"xl55\" style=\"width: 303pt; height: 21.0pt;\" colspan=\"2\" width=\"404\" height=\"28\">Aide aux devoirs, soutien \u00e0 l&rsquo;apprentissage du grec.<\/td><\/tr><tr style=\"height: 21.0pt;\"><td class=\"xl26\" style=\"height: 21.0pt;\" height=\"28\">YOLA<\/td><td class=\"xl57\" style=\"width: 303pt; height: 21.0pt;\" colspan=\"2\" width=\"404\" height=\"28\">La musique grecque.<\/td><\/tr><tr style=\"height: 23.25pt;\"><td class=\"xl32\" style=\"height: 23.25pt;\" height=\"31\">JEAN-FRAN\u00c7OIS<\/td><td class=\"xl59\" style=\"width: 303pt; height: 23.25pt;\" colspan=\"2\" width=\"404\" height=\"31\">Du grec ancien au grec moderne.<\/td><\/tr><tr style=\"height: 18.0pt;\"><td class=\"xl48\" style=\"width: 234pt; height: 18.0pt;\" colspan=\"2\" width=\"312\" height=\"24\">Horaires du mardi<\/td><td class=\"xl33\">16h30 \u00e0 18h<\/td><\/tr><tr style=\"height: 18.0pt;\"><td class=\"xl50\" style=\"width: 234pt; height: 18.0pt;\" colspan=\"2\" width=\"312\" height=\"24\">Horaires du vendredi<\/td><td class=\"xl27\">11h \u00e0 12h30<\/td><\/tr><\/tbody><\/table>\t\t\t\t\t\t\t\t<\/div>\n\t\t\t\t<\/div>\n\t\t\t\t<\/div>\n\t\t\t\t\t<\/div>\n\t\t\t\t<\/div>\n\t\t\t\t<\/div>\n\t\t","protected":false},"excerpt":{"rendered":"<p>Permanence-biblioth\u00e8que Une Permanence\/Biblioth\u00e8que est ouverte les mardis (hors vacances scolaires) de 16h30 \u00e0 18h et les vendredis de 11h \u00e0 12h30, dans le bureau de l\u2019association, Espace Martin Luther King [&hellip;]<\/p>\n","protected":false},"author":2,"featured_media":0,"parent":0,"menu_order":0,"comment_status":"closed","ping_status":"closed","template":"elementor_header_footer","meta":{"footnotes":""},"class_list":["post-713","page","type-page","status-publish","hentry"],"_links":{"self":[{"href":"https:\/\/www.eurogrecefrance.org\/index.php\/wp-json\/wp\/v2\/pages\/713","targetHints":{"allow":["GET"]}}],"collection":[{"href":"https:\/\/www.eurogrecefrance.org\/index.php\/wp-json\/wp\/v2\/pages"}],"about":[{"href":"https:\/\/www.eurogrecefrance.org\/index.php\/wp-json\/wp\/v2\/types\/page"}],"author":[{"embeddable":true,"href":"https:\/\/www.eurogrecefrance.org\/index.php\/wp-json\/wp\/v2\/users\/2"}],"replies":[{"embeddable":true,"href":"https:\/\/www.eurogrecefrance.org\/index.php\/wp-json\/wp\/v2\/comments?post=713"}],"version-history":[{"count":16,"href":"https:\/\/www.eurogrecefrance.org\/index.php\/wp-json\/wp\/v2\/pages\/713\/revisions"}],"predecessor-version":[{"id":769,"href":"https:\/\/www.eurogrecefrance.org\/index.php\/wp-json\/wp\/v2\/pages\/713\/revisions\/769"}],"wp:attachment":[{"href":"https:\/\/www.eurogrecefrance.org\/index.php\/wp-json\/wp\/v2\/media?parent=713"}],"curies":[{"name":"wp","href":"https:\/\/api.w.org\/{rel}","templated":true}]}}